{"id":113,"date":"2023-04-18T20:30:03","date_gmt":"2023-04-18T20:30:03","guid":{"rendered":"https:\/\/forschungsgruppe-pronomen.de\/?page_id=113"},"modified":"2023-04-18T20:30:03","modified_gmt":"2023-04-18T20:30:03","slug":"impressum","status":"publish","type":"page","link":"https:\/\/forschungsgruppe-pronomen.de\/en\/kontakt\/impressum\/","title":{"rendered":"Imprint"},"content":{"rendered":"<h4 class=\"wp-block-heading\">Prof. Dr. Wolfgang Imo<\/h4>\n\n\n\n<p>Institut f\u00fcr Germanistik<br>Universit\u00e4t Hamburg<br>\u00dcberseering 35, Postfach #15<br>22297 Hamburg<br>Deutschland<\/p>\n\n\n\n<h4 class=\"wp-block-heading\">Inhaltliche Verantwortlichkeit i. S. v. \u00a7 5 TMG und \u00a7 55 Abs. 2 RStV<\/h4>\n\n\n\n<p>F\u00fcr die Richtigkeit und Aktualit\u00e4t der Inhalte sind die jeweiligen Erstellerinnen und Ersteller der einzelnen Seiten verantwortlich.<\/p>\n\n\n\n<p>Prof. Dr. Wolfgang Imo<br>\u00dcberseering 35, Postfach #15, 22297 Hamburg<br>E-Mail: Wolfgang.imo@uni-hamburg.de<\/p>\n\n\n\n<p><strong>Technische Verantwortlichkeit<\/strong><br>Webmaster\/in:<br>Marcel Fladrich<br>E-Mail: marcel.fladrich@uni-hamburg.de<\/p>\n\n\n\n<p><strong>Zentrale Adresse der Universit\u00e4t Hamburg<\/strong><br>Universit\u00e4t Hamburg<br>Mittelweg 177<br>20148 Hamburg<br>Deutschland<br>Tel.: +49 40 42838-0<br>Fax: +49 40 42838-9586<\/p>\n\n\n\n<p><strong>Rechtsform und gesetzliche Vertretung<\/strong><br>Die Universit\u00e4t Hamburg ist eine K\u00f6rperschaft des \u00d6ffentlichen Rechts.Sie wird gesetzlich vertreten durch Prof. Dr. Dieter Lenzen, Pr\u00e4sident der Universit\u00e4t Hamburg, Mittelweg 177, 20148 Hamburg, Deutschland.<\/p>\n\n\n\n<p><strong>Zust\u00e4ndige Aufsichtsbeh\u00f6rde<\/strong><br>Beh\u00f6rde f\u00fcr Wissenschaft, Forschung und Gleichstellung der Freien und Hansestadt Hamburg<br>Hamburger Stra\u00dfe 37, 22083 Hamburg<\/p>\n\n\n\n<p><strong>Umsatzsteueridentifikationsnummer<\/strong><br>DE 245 584 140<\/p>\n\n\n\n<p><strong>Haftungsausschluss<\/strong><br>Trotz sorgf\u00e4ltiger inhaltlicher Kontrolle \u00fcbernehmen wir keine Haftung f\u00fcr die Richtigkeit, Vollst\u00e4ndigkeit und Aktualit\u00e4t unserer Webseiten sowie f\u00fcr die Inhalte externer Links. Von den Inhalten der verlinkten Seiten \u2013 auf deren Inhalt wir keinen Einfluss haben \u2013 distanzieren wir uns ausdr\u00fccklich. Diese Erkl\u00e4rung gilt f\u00fcr alle auf den Webseiten angebrachten Links und f\u00fcr alle Inhalte der Seiten, zu denen Links oder Banner f\u00fchren.<\/p>","protected":false},"excerpt":{"rendered":"<p>Prof. Dr. Wolfgang Imo Institut f\u00fcr GermanistikUniversit\u00e4t Hamburg\u00dcberseering 35, Postfach #1522297 HamburgDeutschland Inhaltliche Verantwortlichkeit i. S. v. \u00a7 5 TMG und \u00a7 55 Abs. 2 RStV F\u00fcr die Richtigkeit und Aktualit\u00e4t der Inhalte sind die jeweiligen Erstellerinnen und Ersteller der einzelnen Seiten verantwortlich. Prof. Dr. Wolfgang Imo\u00dcberseering 35, Postfach #15, 22297 HamburgE-Mail: Wolfgang.imo@uni-hamburg.de Technische VerantwortlichkeitWebmaster\/in:Marcel [&hellip;]<\/p>","protected":false},"author":1,"featured_media":0,"parent":14,"menu_order":0,"comment_status":"closed","ping_status":"closed","template":"","meta":{"site-container-style":"default","site-container-layout":"default","site-sidebar-layout":"default","disable-article-header":"default","disable-site-header":"default","disable-site-footer":"default","disable-content-area-spacing":"default","footnotes":""},"publishpress_future_action":{"enabled":false,"date":"2026-05-05 14:53:17","action":"draft","terms":[],"taxonomy":""},"_links":{"self":[{"href":"https:\/\/forschungsgruppe-pronomen.de\/en\/wp-json\/wp\/v2\/pages\/113"}],"collection":[{"href":"https:\/\/forschungsgruppe-pronomen.de\/en\/wp-json\/wp\/v2\/pages"}],"about":[{"href":"https:\/\/forschungsgruppe-pronomen.de\/en\/wp-json\/wp\/v2\/types\/page"}],"author":[{"embeddable":true,"href":"https:\/\/forschungsgruppe-pronomen.de\/en\/wp-json\/wp\/v2\/users\/1"}],"replies":[{"embeddable":true,"href":"https:\/\/forschungsgruppe-pronomen.de\/en\/wp-json\/wp\/v2\/comments?post=113"}],"version-history":[{"count":1,"href":"https:\/\/forschungsgruppe-pronomen.de\/en\/wp-json\/wp\/v2\/pages\/113\/revisions"}],"predecessor-version":[{"id":114,"href":"https:\/\/forschungsgruppe-pronomen.de\/en\/wp-json\/wp\/v2\/pages\/113\/revisions\/114"}],"up":[{"embeddable":true,"href":"https:\/\/forschungsgruppe-pronomen.de\/en\/wp-json\/wp\/v2\/pages\/14"}],"wp:attachment":[{"href":"https:\/\/forschungsgruppe-pronomen.de\/en\/wp-json\/wp\/v2\/media?parent=113"}],"curies":[{"name":"wp","href":"https:\/\/api.w.org\/{rel}","templated":true}]}}