{"id":14,"date":"2023-04-18T17:14:37","date_gmt":"2023-04-18T17:14:37","guid":{"rendered":"https:\/\/forschungsgruppe-pronomen.de\/?page_id=14"},"modified":"2024-01-03T02:29:25","modified_gmt":"2024-01-03T02:29:25","slug":"kontakt","status":"publish","type":"page","link":"https:\/\/forschungsgruppe-pronomen.de\/en\/kontakt\/","title":{"rendered":"Contact"},"content":{"rendered":"<div class=\"wp-block-columns is-layout-flex wp-container-core-columns-layout-1 wp-block-columns-is-layout-flex\">\n<div class=\"wp-block-column is-layout-flow wp-block-column-is-layout-flow\">\n<p>Sprecher der Forschungsgruppe<\/p>\n\n\n\n<p><strong><a href=\"https:\/\/www.slm.uni-hamburg.de\/germanistik\/personen\/imo.html\" data-type=\"URL\" data-id=\"https:\/\/www.slm.uni-hamburg.de\/germanistik\/personen\/imo.html\">Prof. Dr. Wolfgang Imo<\/a><\/strong><br>Universit\u00e4t Hamburg<br>Sprache Literatur Medien I (SLM I) <br>Institut f\u00fcr Germanistik<br>Philosophenturm | Von-Melle-Park 6<br>20146 Hamburg<br><a href=\"mailto:wolfgang.imo@uni-hamburg.de\" data-type=\"mailto\" data-id=\"mailto:wolfgang.imo@uni-hamburg.de\">E-Mail<\/a><\/p>\n<\/div>\n\n\n\n<div class=\"wp-block-column is-layout-flow wp-block-column-is-layout-flow\">\n<p>Koordinatorin der Forschungsgruppe<\/p>\n\n\n\n<p><strong><a href=\"https:\/\/www.slm.uni-hamburg.de\/germanistik\/personen\/zhou.html\" data-type=\"URL\" data-id=\"https:\/\/www.slm.uni-hamburg.de\/germanistik\/personen\/zhou.html\">Yue Zhou<\/a><\/strong><br>Universit\u00e4t Hamburg<br>Sprache Literatur Medien I (SLM I) <br>Institut f\u00fcr Germanistik<br>Philosophenturm | Von-Melle-Park 6<br>20146 Hamburg<br><a href=\"yue.zhou@uni-hamburg.de\" data-type=\"URL\" data-id=\"yue.zhou@uni-hamburg.de\">E-Mail<\/a><\/p>\n<\/div>\n<\/div>\n\n\n\n<p><strong>Mitarbeiter:innen der Teilprojekte<\/strong><\/p>\n\n\n\n<p>(1)&nbsp;<a href=\"https:\/\/forschungsgruppe-pronomen.de\/index.php\/teilprojekte\/praktiken-der-personenreferenz\/\">Practices of referring to persons: Uses of pronouns in oncological medical interactions<\/a><\/p>\n\n\n\n<div class=\"wp-block-columns is-layout-flex wp-container-core-columns-layout-2 wp-block-columns-is-layout-flex\">\n<div class=\"wp-block-column is-layout-flow wp-block-column-is-layout-flow\">\n<p><strong><a href=\"https:\/\/www.uni-muenster.de\/Germanistik\/Lehrende\/sprachwissenschaft\/guenthner_susanne\/index.html\" data-type=\"URL\" data-id=\"https:\/\/www.uni-muenster.de\/Germanistik\/Lehrende\/sprachwissenschaft\/guenthner_susanne\/index.html\">Prof. Dr. Susanne G\u00fcnthner<\/a> <\/strong><\/p>\n\n\n\n<p>Universit\u00e4t M\u00fcnster<br>Germanistisches Institut<br>Abteilung Sprachwissenschaft<br>Stein-Haus, Schlossplatz 34<br>48143 M\u00fcnster<br><a href=\"susanne.guenthner@uni-muenster.de\" data-type=\"URL\" data-id=\"susanne.guenthner@uni-muenster.de\">E-Mail<\/a><\/p>\n<\/div>\n\n\n\n<div class=\"wp-block-column is-layout-flow wp-block-column-is-layout-flow\">\n<p><strong><a href=\"https:\/\/www.slm.uni-hamburg.de\/germanistik\/personen\/imo.html\" data-type=\"URL\" data-id=\"https:\/\/www.slm.uni-hamburg.de\/germanistik\/personen\/imo.html\">Prof. Dr. Wolfgang Imo<\/a><\/strong><\/p>\n\n\n\n<p>Universit\u00e4t Hamburg<br>Sprache Literatur Medien I (SLM I)<br>Institut f\u00fcr Germanistik<br>Von-Melle-Park 6<br>20146 Hamburg<br><a href=\"mailto:wolfgang.imo@uni-hamburg.de\" data-type=\"mailto\" data-id=\"mailto:wolfgang.imo@uni-hamburg.de\">E-Mail<\/a><\/p>\n<\/div>\n\n\n\n<div class=\"wp-block-column is-layout-flow wp-block-column-is-layout-flow\">\n<p><strong><a href=\"https:\/\/www.uni-muenster.de\/Germanistik\/Lehrende\/sprachwissenschaft\/hendricks_dominic\/index.html\" data-type=\"URL\" data-id=\"https:\/\/www.uni-muenster.de\/Germanistik\/Lehrende\/sprachwissenschaft\/hendricks_dominic\/index.html\">Dominic Hendricks<\/a><\/strong><\/p>\n\n\n\n<p>Universit\u00e4t M\u00fcnster<br>Germanistisches Institut<br>Abteilung Sprachwissenschaft<br>Robert-Koch-Stra\u00dfe 29<br>48143 M\u00fcnster<br><a href=\"d.hendricks@uni-muenster.de\" data-type=\"URL\" data-id=\"d.hendricks@uni-muenster.de\">E-Mail<\/a><\/p>\n<\/div>\n<\/div>\n\n\n\n<p>(2) <a href=\"https:\/\/forschungsgruppe-pronomen.de\/index.php\/teilprojekte\/referenzielle-praxis-im-wandel\/\" data-type=\"URL\" data-id=\"https:\/\/forschungsgruppe-pronomen.de\/index.php\/teilprojekte\/referenzielle-praxis-im-wandel\/\">Referenzielle Praxis im Wandel: Das Pronomen &#8222;man&#8220; in der Diachronie des Deutschen<\/a><\/p>\n\n\n\n<div class=\"wp-block-columns is-layout-flex wp-container-core-columns-layout-3 wp-block-columns-is-layout-flex\">\n<div class=\"wp-block-column is-layout-flow wp-block-column-is-layout-flow\">\n<p><strong><a href=\"https:\/\/www.uni-muenster.de\/Germanistik\/Lehrende\/sprachwissenschaft\/dammel_antje\/index.html\" data-type=\"URL\" data-id=\"https:\/\/www.uni-muenster.de\/Germanistik\/Lehrende\/sprachwissenschaft\/dammel_antje\/index.html\">Prof. Dr. Antje Dammel<\/a><\/strong><\/p>\n\n\n\n<p>Universit\u00e4t M\u00fcnster<br>Germanistisches Institut<br>Abteilung Sprachwissenschaft<br>Stein-Haus, Schlossplatz 34<br>48143 M\u00fcnster<br><a href=\"dammel@uni-muenster.de\" data-type=\"URL\" data-id=\"dammel@uni-muenster.de\">E-Mail<\/a><\/p>\n<\/div>\n\n\n\n<div class=\"wp-block-column is-layout-flow wp-block-column-is-layout-flow\">\n<p><a href=\"https:\/\/www.uni-muenster.de\/Germanistik\/Lehrende\/sprachwissenschaft\/laura_duve\/index.html\" data-type=\"URL\" data-id=\"https:\/\/www.uni-muenster.de\/Germanistik\/Lehrende\/sprachwissenschaft\/laura_duve\/index.html\"><strong>Laura<\/strong> <strong>Duve<\/strong><\/a><\/p>\n\n\n\n<p>Universit\u00e4t M\u00fcnster<br>Germanistisches Institut<br>Abteilung Sprachwissenschaft<br>Robert-Koch-Stra\u00dfe 29<br>48143 M\u00fcnster<br><a href=\"laura.duve@uni-muenster.de\" data-type=\"URL\" data-id=\"laura.duve@uni-muenster.de\">E-Mail<\/a><\/p>\n<\/div>\n<\/div>\n\n\n\n<p>(3) <a href=\"https:\/\/forschungsgruppe-pronomen.de\/index.php\/teilprojekte\/pronomen-als-konstruktionsnetzwerk-2\/\" data-type=\"URL\" data-id=\"https:\/\/forschungsgruppe-pronomen.de\/index.php\/teilprojekte\/pronomen-als-konstruktionsnetzwerk-2\/\">Pronouns as a constructional network: usage-based analyses of practices of referring to persons in spoken interactions<\/a><\/p>\n\n\n\n<div class=\"wp-block-columns is-layout-flex wp-container-core-columns-layout-4 wp-block-columns-is-layout-flex\">\n<div class=\"wp-block-column is-layout-flow wp-block-column-is-layout-flow\">\n<p><strong><a href=\"https:\/\/www.uni-muenster.de\/Germanistik\/Lehrende\/sprachwissenschaft\/Lanwer_Jens\/index.html\" data-type=\"URL\" data-id=\"https:\/\/www.uni-muenster.de\/Germanistik\/Lehrende\/sprachwissenschaft\/Lanwer_Jens\/index.html\">Dr. Jens Philipp Lanwer<\/a><\/strong><\/p>\n\n\n\n<p>Universit\u00e4t M\u00fcnster<br>Germanistisches Institut<br>Abteilung Sprachwissenschaft<br>Stein-Haus, Schlossplatz 34<br>48143 M\u00fcnster<br><a href=\"jp.lanwer@wwu.de\" data-type=\"URL\" data-id=\"jp.lanwer@wwu.de\">E-Mail<\/a><\/p>\n<\/div>\n\n\n\n<div class=\"wp-block-column is-layout-flow wp-block-column-is-layout-flow\">\n<p><strong><a href=\"https:\/\/www.uni-muenster.de\/Germanistik\/Lehrende\/sprachwissenschaft\/nathalie_bauer\/index.html\" data-type=\"URL\" data-id=\"https:\/\/www.uni-muenster.de\/Germanistik\/Lehrende\/sprachwissenschaft\/nathalie_bauer\/index.html\">Nathalie Bauer<\/a><\/strong><\/p>\n\n\n\n<p>Universit\u00e4t M\u00fcnster<br>Germanistisches Institut<br>Abteilung Sprachwissenschaft<br>Robert-Koch-Stra\u00dfe 29<br>48143 M\u00fcnster<br><a href=\"laura.duve@uni-muenster.de\" data-type=\"URL\" data-id=\"laura.duve@uni-muenster.de\">E-Mail<\/a><\/p>\n<\/div>\n<\/div>\n\n\n\n<p>(4) <a href=\"https:\/\/forschungsgruppe-pronomen.de\/index.php\/teilprojekte\/personenreferierende-pronomen-in-dramen\/\" data-type=\"URL\" data-id=\"https:\/\/forschungsgruppe-pronomen.de\/index.php\/teilprojekte\/personenreferierende-pronomen-in-dramen\/\">Person-referring pronouns in dramatic works: interactional and dramaturgical functions as well as historical change from the Baroque and Enlightenment periods to Sturm and Drang and the Classical period<\/a><\/p>\n\n\n\n<div class=\"wp-block-columns is-layout-flex wp-container-core-columns-layout-5 wp-block-columns-is-layout-flex\">\n<div class=\"wp-block-column is-layout-flow wp-block-column-is-layout-flow\">\n<p><strong><a href=\"https:\/\/www.slm.uni-hamburg.de\/germanistik\/personen\/imo.html\" data-type=\"URL\" data-id=\"https:\/\/www.slm.uni-hamburg.de\/germanistik\/personen\/imo.html\">Prof. Dr. Wolfgang Imo<\/a><\/strong><\/p>\n\n\n\n<p>Universit\u00e4t Hamburg<br>Sprache Literatur Medien I (SLM I)<br>Institut f\u00fcr Germanistik<br>Philosophenturm | Von-Melle-Park 6<br>20146 Hamburg<br><a href=\"mailto:wolfgang.imo@uni-hamburg.de\" data-type=\"mailto\" data-id=\"mailto:wolfgang.imo@uni-hamburg.de\">E-Mail<\/a><\/p>\n<\/div>\n\n\n\n<div class=\"wp-block-column is-layout-flow wp-block-column-is-layout-flow\">\n<p><strong><a href=\"https:\/\/www.slm.uni-hamburg.de\/germanistik\/personen\/schick.html\" data-type=\"URL\" data-id=\"https:\/\/www.slm.uni-hamburg.de\/germanistik\/personen\/schick.html\">Valeria Schick<\/a><\/strong><\/p>\n\n\n\n<p>Universit\u00e4t Hamburg<br>Sprache Literatur Medien I (SLM I)<br>Institut f\u00fcr Germanistik<br>Philosophenturm | Von-Melle-Park 6<br>20146 Hamburg<br><a href=\"valeria.schick@uni-hamburg.de\" data-type=\"URL\" data-id=\"valeria.schick@uni-hamburg.de\">E-Mail<\/a><\/p>\n<\/div>\n<\/div>\n\n\n\n<p>(5) <a href=\"https:\/\/forschungsgruppe-pronomen.de\/index.php\/teilprojekte\/pronomen-als-konstruktionsnetzwerk\/\" data-type=\"URL\" data-id=\"https:\/\/forschungsgruppe-pronomen.de\/index.php\/teilprojekte\/pronomen-als-konstruktionsnetzwerk\/\">Pronouns as a constructional network: a usage-based analysis of practices of referring to persons in written interactions<\/a><\/p>\n\n\n\n<div class=\"wp-block-columns is-layout-flex wp-container-core-columns-layout-6 wp-block-columns-is-layout-flex\">\n<div class=\"wp-block-column is-layout-flow wp-block-column-is-layout-flow\">\n<p><strong><a href=\"https:\/\/www.slm.uni-hamburg.de\/germanistik\/personen\/mostovaia.html\" data-type=\"URL\" data-id=\"https:\/\/www.slm.uni-hamburg.de\/germanistik\/personen\/mostovaia.html\">Dr. Irina Mostovaia<\/a><\/strong><\/p>\n\n\n\n<p>Universit\u00e4t Hamburg<br>Sprache Literatur Medien I (SLM I)<br>Institut f\u00fcr Germanistik<br>Philosophenturm | Von-Melle-Park 6<br>20146 Hamburg<br><a href=\"irina.mostovaia@uni-hamburg.de\" data-type=\"URL\" data-id=\"irina.mostovaia@uni-hamburg.de\">E-Mail<\/a><\/p>\n<\/div>\n\n\n\n<div class=\"wp-block-column is-layout-flow wp-block-column-is-layout-flow\">\n<p><strong><a href=\"https:\/\/www.slm.uni-hamburg.de\/germanistik\/personen\/bartsch.html\" data-type=\"URL\" data-id=\"https:\/\/www.slm.uni-hamburg.de\/germanistik\/personen\/bartsch.html\">Marie-Louise Bartsch<\/a><\/strong><\/p>\n\n\n\n<p>Universit\u00e4t Hamburg<br>Sprache Literatur Medien I (SLM I)<br>Institut f\u00fcr Germanistik<br>Philosophenturm | Von-Melle-Park 6<br>20146 Hamburg<br><a href=\"marie-louise.bartsch@uni-hamburg.de\" data-type=\"URL\" data-id=\"marie-louise.bartsch@uni-hamburg.de\">E-Mail<\/a><\/p>\n<\/div>\n<\/div>\n\n\n\n<p>(6) <a href=\"https:\/\/forschungsgruppe-pronomen.de\/index.php\/teilprojekte\/multimodalitaet-von-personenreferenz\/\" data-type=\"URL\" data-id=\"https:\/\/forschungsgruppe-pronomen.de\/index.php\/teilprojekte\/multimodalitaet-von-personenreferenz\/\">Multimodality of person reference: pronominal person reference in emergency medical and fire drills<\/a><\/p>\n\n\n\n<div class=\"wp-block-columns is-layout-flex wp-container-core-columns-layout-8 wp-block-columns-is-layout-flex\">\n<div class=\"wp-block-column is-layout-flow wp-block-column-is-layout-flow\">\n<div class=\"wp-block-columns is-layout-flex wp-container-core-columns-layout-7 wp-block-columns-is-layout-flex\">\n<div class=\"wp-block-column is-layout-flow wp-block-column-is-layout-flow\">\n<p><strong><a href=\"https:\/\/www.uni-due.de\/kowi\/mukom\/kpitsch\" data-type=\"URL\" data-id=\"https:\/\/www.uni-due.de\/kowi\/mukom\/kpitsch\">Prof. Dr. Karola Pitsch<\/a><\/strong><br><\/p>\n\n\n\n<p>Fakult\u00e4t f\u00fcr Geisteswissenschaften<br>Institut f\u00fcr Kommunikationswissenschaft<br>Universit\u00e4t Duisburg-Essen<br>Universit\u00e4tstra\u00dfe 12<br>45141 Essen<br><a href=\"karola.pitsch@uni-due.de\" data-type=\"URL\" data-id=\"karola.pitsch@uni-due.de\">E-Mail<\/a><\/p>\n<\/div>\n\n\n\n<div class=\"wp-block-column is-layout-flow wp-block-column-is-layout-flow\">\n<p><strong>Felix Bergmann<\/strong><br><\/p>\n\n\n\n<p>Fakult\u00e4t f\u00fcr Geisteswissenschaften<br>Institut f\u00fcr Kommunikationswissenschaft<br>Universit\u00e4t Duisburg-Essen<br>Universit\u00e4tstra\u00dfe 12<br>45141 Essen<br><a href=\"felix.bergmann@stud.uni-due.de\" data-type=\"URL\" data-id=\"felix.bergmann@stud.uni-due.de\">E-Mail<\/a><\/p>\n<\/div>\n<\/div>\n<\/div>\n<\/div>\n\n\n\n<p>(7)<a href=\"https:\/\/forschungsgruppe-pronomen.de\/index.php\/teilprojekte\/pronominale-personenreferenz-in-ddr-leserbriefen\/\" data-type=\"URL\" data-id=\"https:\/\/forschungsgruppe-pronomen.de\/index.php\/teilprojekte\/pronominale-personenreferenz-in-ddr-leserbriefen\/\"> Pronominal person-reference in letters to the editor in the GDR: communicative functions of personal, indefinite, and possessive pronouns in the context of indexing social groups in an authoritarian system<\/a><\/p>\n\n\n\n<div class=\"wp-block-columns is-layout-flex wp-container-core-columns-layout-9 wp-block-columns-is-layout-flex\">\n<div class=\"wp-block-column is-layout-flow wp-block-column-is-layout-flow\">\n<p><strong><a href=\"https:\/\/www.uni-due.de\/kowi\/mukom\/mkrug.php\" data-type=\"URL\" data-id=\"https:\/\/www.uni-due.de\/kowi\/mukom\/mkrug.php\">Dr. Maximilian Krug<\/a><\/strong><br><\/p>\n\n\n\n<p>Fakult\u00e4t f\u00fcr Geisteswissenschaften<br>Institut f\u00fcr Kommunikationswissenschaft<br>Universit\u00e4t Duisburg-Essen<br>Universit\u00e4tstra\u00dfe 12<br>45141 Essen<br><a href=\"maximilian.krug@uni-due.de\" data-type=\"URL\" data-id=\"maximilian.krug@uni-due.de\">E-Mail<\/a><\/p>\n<\/div>\n\n\n\n<div class=\"wp-block-column is-layout-flow wp-block-column-is-layout-flow\">\n<p><strong>Bj\u00f6rn Junge<\/strong><br><\/p>\n\n\n\n<p>Fakult\u00e4t f\u00fcr Geisteswissenschaften<br>Institut f\u00fcr Kommunikationswissenschaft<br>Universit\u00e4t Duisburg-Essen<br>Universit\u00e4tstra\u00dfe 12<br>45141 Essen<br><a href=\"bjorn.junge@uni-due.de\" data-type=\"URL\" data-id=\"bjorn.junge@uni-due.de\">E-Mail<\/a><\/p>\n<\/div>\n<\/div>","protected":false},"excerpt":{"rendered":"<p>Sprecher der Forschungsgruppe Prof. Dr. Wolfgang ImoUniversit\u00e4t HamburgSprache Literatur Medien I (SLM I) Institut f\u00fcr GermanistikPhilosophenturm | Von-Melle-Park 620146 HamburgE-Mail Koordinatorin der Forschungsgruppe Yue ZhouUniversit\u00e4t HamburgSprache Literatur Medien I (SLM I) Institut f\u00fcr GermanistikPhilosophenturm | Von-Melle-Park 620146 HamburgE-Mail Mitarbeiter:innen der Teilprojekte (1)&nbsp;Pronominale Personenreferenz in onkologischen Aufkl\u00e4rungsgespr\u00e4chen Prof. Dr. Susanne G\u00fcnthner Universit\u00e4t M\u00fcnsterGermanistisches InstitutAbteilung SprachwissenschaftStein-Haus, Schlossplatz [&hellip;]<\/p>","protected":false},"author":1,"featured_media":0,"parent":0,"menu_order":0,"comment_status":"closed","ping_status":"closed","template":"","meta":{"site-container-style":"default","site-container-layout":"default","site-sidebar-layout":"default","disable-article-header":"default","disable-site-header":"default","disable-site-footer":"default","disable-content-area-spacing":"default","footnotes":""},"publishpress_future_action":{"enabled":false,"date":"2026-05-05 14:35:43","action":"draft","terms":[],"taxonomy":""},"_links":{"self":[{"href":"https:\/\/forschungsgruppe-pronomen.de\/en\/wp-json\/wp\/v2\/pages\/14"}],"collection":[{"href":"https:\/\/forschungsgruppe-pronomen.de\/en\/wp-json\/wp\/v2\/pages"}],"about":[{"href":"https:\/\/forschungsgruppe-pronomen.de\/en\/wp-json\/wp\/v2\/types\/page"}],"author":[{"embeddable":true,"href":"https:\/\/forschungsgruppe-pronomen.de\/en\/wp-json\/wp\/v2\/users\/1"}],"replies":[{"embeddable":true,"href":"https:\/\/forschungsgruppe-pronomen.de\/en\/wp-json\/wp\/v2\/comments?post=14"}],"version-history":[{"count":20,"href":"https:\/\/forschungsgruppe-pronomen.de\/en\/wp-json\/wp\/v2\/pages\/14\/revisions"}],"predecessor-version":[{"id":495,"href":"https:\/\/forschungsgruppe-pronomen.de\/en\/wp-json\/wp\/v2\/pages\/14\/revisions\/495"}],"wp:attachment":[{"href":"https:\/\/forschungsgruppe-pronomen.de\/en\/wp-json\/wp\/v2\/media?parent=14"}],"curies":[{"name":"wp","href":"https:\/\/api.w.org\/{rel}","templated":true}]}}